{"version":"1.0","provider_name":"F\u00e9szekalja: Nagy dolgokr\u00f3l kiCSIBEn","provider_url":"https:\/\/feszekalja.cafeblog.hu","author_name":"Csibe a f\u00e9szekb\u00f4l","author_url":"https:\/\/feszekalja.cafeblog.hu\/author\/csibe_a_feszekbo\/","title":"Heti men\u00fc - okt\u00f3ber 1. h\u00e9t","html":"Az eheti kosarunk tartalma: retek, \u00e9desburgonya, spen\u00f3t, z\u00f6ldbab, krumpli, r\u00e9pa, k\u00f6rte, alma, sz\u0151l\u0151. Ezekb\u0151l \"gazd\u00e1lkodok\" majd a j\u00f6v\u0151 h\u00e9ten. \u00dajdons\u00e1g, hogy a p\u00e1rom aki eddig kitart\u00f3an \u00e1ll\u00edtotta, hogy o levest majd csak akkor eszik, ha nem lesz t\u00f6bb foga, a m\u00falt h\u00e9ten a p\u00f3r\u00e9hagyma \u00e9s a s\u00fct\u0151t\u00f6k-levesemet is j\u00f3\u00edz\u0171en megette, \u00e9s k\u00e9rte hogy legyen gyakrabban. Sz\u00f3val kitart\u00e1s, hossz\u00fa \u00e9vek alatt fokozatosan meg lehet v\u00e1ltoztatni az \u00e9tkez\u00e9si szok\u00e1sokat! :) Sz\u00f3val mi is lesz a men\u00fc?\r\n\r\n<a href=\"https:\/\/feszekalja.cafeblog.hu\/files\/2013\/10\/saladharicots1.jpg\"><img class=\"aligncenter size-full wp-image-899\" alt=\"saladharicots1\" src=\"https:\/\/feszekalja.cafeblog.hu\/files\/2013\/10\/saladharicots1.jpg\" width=\"240\" height=\"180\" \/><\/a>\r\n\r\n<strong>Szerda<\/strong>\r\n\r\neb\u00e9d: Jamie Oliver-f\u00e9le z\u00f6ldbabsal\u00e1ta, t\u00e9szta toj\u00e1sp\u00f6rk\u00f6lttel\r\n\r\nvacsora: z\u00f6ldsal\u00e1ta tonhalas melegszendviccsel (recept <a title=\"Tonhalas retro melegszendvics\" href=\"https:\/\/feszekalja.cafeblog.hu\/2013\/07\/21\/tonhalas-retro-melegszendvics\/\">itt<\/a>)\r\n\r\n&nbsp;\r\n\r\n<a href=\"https:\/\/feszekalja.cafeblog.hu\/files\/2013\/10\/2201413347_8876430a12_b.jpg\"><img class=\"aligncenter size-full wp-image-901\" alt=\"2201413347_8876430a12_b\" src=\"https:\/\/feszekalja.cafeblog.hu\/files\/2013\/10\/2201413347_8876430a12_b.jpg\" width=\"266\" height=\"188\" \/><\/a>\r\n\r\n<strong>Cs\u00fct\u00f6rt\u00f6k<\/strong>\r\n\r\neb\u00e9d: rakott krumpli\r\n\r\nvacsora:\u00a0 m\u00e1ngoldos pite (a quiche lorraine (<a title=\"Quiche lorraine, egy francia alapkaja\" href=\"https:\/\/feszekalja.cafeblog.hu\/2013\/09\/22\/quiche-lorraine-egy-francia-alapkaja\/\">recept itt<\/a>) alapj\u00e1n, csak mangolddal \u00e9s sonk\u00e1val)\r\n\r\n&nbsp;\r\n\r\n<a href=\"https:\/\/feszekalja.cafeblog.hu\/files\/2013\/10\/flan-carotte-oignon1.jpg\"><img class=\"aligncenter size-full wp-image-903\" alt=\"flan-carotte-oignon1\" src=\"https:\/\/feszekalja.cafeblog.hu\/files\/2013\/10\/flan-carotte-oignon1.jpg\" width=\"267\" height=\"200\" \/><\/a>\r\n\r\n<strong>P\u00e9ntek<\/strong>\r\n\r\neb\u00e9d: halrudacsk\u00e1k (n\u00e9ha kell ez is ;-), rizs\r\n\r\nvacsora: cs\u0151ben s\u00fclt r\u00e9pa-hagyma \"pudding\", t\u00fck\u00f6rtoj\u00e1s\r\n\r\n&nbsp;\r\n\r\n<a href=\"https:\/\/feszekalja.cafeblog.hu\/files\/2013\/10\/salade-avocat_texte.jpg\"><img class=\"aligncenter size-full wp-image-904\" alt=\"salade-avocat_texte\" src=\"https:\/\/feszekalja.cafeblog.hu\/files\/2013\/10\/salade-avocat_texte.jpg\" width=\"250\" height=\"169\" \/><\/a>\r\n\r\n<strong>Szombat<\/strong>\r\n\r\neb\u00e9d: \u00e9desburgonya-p\u00fcr\u00e9, m\u00e9zes-mandul\u00e1s-currys csirkemellel\r\n\r\nvacsora: tonhalas avok\u00e1d\u00f3sal\u00e1ta\r\n\r\n&nbsp;\r\n\r\n<a href=\"https:\/\/feszekalja.cafeblog.hu\/files\/2013\/10\/P1130547.jpg\"><img class=\"aligncenter size-medium wp-image-905\" alt=\"P1130547\" src=\"https:\/\/feszekalja.cafeblog.hu\/files\/2013\/10\/P1130547-300x225.jpg\" width=\"300\" height=\"225\" \/><\/a>\r\n\r\n<strong>Vas\u00e1rnap<\/strong>\r\n\r\neb\u00e9d: must\u00e1ros sert\u00e9ss\u00fclt, krumplip\u00fcr\u00e9\r\n\r\nvacsora: paradicsomos-z\u00f6ldhagym\u00e1s-gomb\u00e1s r\u00e1ntotta\r\n\r\n&nbsp;\r\n\r\n<a href=\"https:\/\/feszekalja.cafeblog.hu\/files\/2013\/10\/a4f100fd-cce6-40d3-b4e6-75c5aa028fe4_normal.jpg\"><img class=\"aligncenter size-medium wp-image-906\" alt=\"a4f100fd-cce6-40d3-b4e6-75c5aa028fe4_normal\" src=\"https:\/\/feszekalja.cafeblog.hu\/files\/2013\/10\/a4f100fd-cce6-40d3-b4e6-75c5aa028fe4_normal-300x225.jpg\" width=\"300\" height=\"225\" \/><\/a>\r\n\r\n<strong>H\u00e9tf\u0151<\/strong>\r\n\r\neb\u00e9d: kecskesajtos-spen\u00f3tos lasagne\r\n\r\nvacsora: paradicsomleves bet\u0171t\u00e9szt\u00e1val\r\n\r\n&nbsp;\r\n\r\n<a href=\"https:\/\/feszekalja.cafeblog.hu\/files\/2013\/10\/tartiflette-et-salade-copie-1.jpg\"><img class=\"aligncenter size-medium wp-image-907\" alt=\"tartiflette-et-salade-copie-1\" src=\"https:\/\/feszekalja.cafeblog.hu\/files\/2013\/10\/tartiflette-et-salade-copie-1-300x153.jpg\" width=\"300\" height=\"153\" \/><\/a>\r\n\r\n<strong>Kedd<\/strong>\r\n\r\neb\u00e9d: tartiflette (savoie-i sajttal k\u00e9sz\u00fclt, h\u00fasosszalonn\u00e1s-krumplis \u00e9tel)\r\n\r\nvacsora: tejbegr\u00edz\r\n\r\n&nbsp;\r\n\r\n<a href=\"https:\/\/feszekalja.cafeblog.hu\/files\/2013\/10\/temps-de-cuisson-brownies.jpg\"><img class=\"aligncenter size-medium wp-image-908\" alt=\"temps-de-cuisson-brownies\" src=\"https:\/\/feszekalja.cafeblog.hu\/files\/2013\/10\/temps-de-cuisson-brownies-300x205.jpg\" width=\"346\" height=\"236\" \/><\/a>\r\n\r\n&nbsp;\r\n\r\n<strong>Desszert\u00f6tletek<\/strong>:\r\n\r\nK\u00f6rt\u00e9s tejespite (<a title=\"Francia tejespite gy\u00fcm\u00f6lcs\u00f6kkel\" href=\"https:\/\/feszekalja.cafeblog.hu\/2013\/09\/10\/francia-tejespite-gyumolcsokkel\/\">recept itt<\/a>)\r\n\r\nBrownies\r\n\r\nReszelt alma fah\u00e9jjal\r\n\r\nK\u00e1v\u00e9s-k\u00f3kuszos kekszek\r\n\r\n&nbsp;","type":"rich"}