{"version":"1.0","provider_name":"F\u00e9szekalja: Nagy dolgokr\u00f3l kiCSIBEn","provider_url":"https:\/\/feszekalja.cafeblog.hu","author_name":"Csibe a f\u00e9szekb\u00f4l","author_url":"https:\/\/feszekalja.cafeblog.hu\/author\/csibe_a_feszekbo\/","title":"Adventi napt\u00e1rak m\u00e1sk\u00e9ppen","html":"Itt van november k\u00f6zepe, \u00e1llhatunk neki az adventi napt\u00e1rak beszerz\u00e9s\u00e9nek. Ti hogy szokt\u00e1tok? K\u00e9sz\u00edtitek vagy veszitek? Mit tesztek bele?\r\n<p style=\"text-align: center\"><a href=\"https:\/\/feszekalja.cafeblog.hu\/files\/2013\/11\/375991_1985787343943_264230243_n.jpg\">\r\n<\/a><a href=\"https:\/\/feszekalja.cafeblog.hu\/files\/2013\/11\/karacsony.jpg\"><img alt=\"karacsony\" src=\"https:\/\/feszekalja.cafeblog.hu\/files\/2013\/11\/karacsony-600x600.jpg\" width=\"600\" height=\"600\" \/><\/a><\/p>\r\nN\u00e1lunk \u00e1ltal\u00e1ban itthon k\u00e9sz\u00fcl \u00fajrafelhaszn\u00e1lt cuccokb\u00f3l (az illusztr\u00e1ci\u00f3nak haszn\u00e1lt fot\u00f3k mind saj\u00e1t k\u00e9sz\u00edt\u00e9s), \u00e9s 4-5 \u00e9ves korig apr\u00f3 aj\u00e1nd\u00e9kokat kapnak, k\u00e9s\u0151bb pedig bev\u00e1lthat\u00f3 \"utalv\u00e1nyokat\". Ezeket alig v\u00e1rj\u00e1k \u00e9s nagyon \u00e9lvezik az eg\u00e9sz adventi id\u0151szakot, id\u00e9n m\u00e1r szeptember v\u00e9g\u00e9n elkezdt\u00e9k k\u00e9rdezgetni, hogy mi lesz. \u00a0Sz\u00f3val gondoltam, hogy magamnak \u00e9s nektek is, \u00f6sszeszedem, mi minden ker\u00fclhet az adventi napt\u00e1rba, ha nem felt\u00e9tlen\u00fcl szeretn\u00e9nk csokit adni minden nap vagy fel akarjuk turb\u00f3zni a decemberi reggeleket :)\r\n<p style=\"text-align: center\"><a href=\"https:\/\/feszekalja.cafeblog.hu\/files\/2013\/11\/karacsony-001.jpg\"><img alt=\"karacsony-001\" src=\"https:\/\/feszekalja.cafeblog.hu\/files\/2013\/11\/karacsony-001-600x600.jpg\" width=\"600\" height=\"600\" \/><\/a><\/p>\r\nKis aj\u00e1nd\u00e9kok:\r\n<ul>\r\n\t<li>kedvenc mesefigur\u00e1s toll, ceruza, hegyez\u0151, tolltart\u00f3 (saj\u00e1t k\u00e9sz\u00edt\u00e9s\u0171)<\/li>\r\n\t<li>kedvenc mesefigur\u00e1s bugyi, zokni, s\u00e1l, sapka<\/li>\r\n\t<li>mesefigur\u00e1s cs\u00e9sze vagy poh\u00e1r (ha am\u00fagy is megvenn\u00e9m ;))<\/li>\r\n\t<li>f\u00fclbeval\u00f3k, kark\u00f6t\u0151k, nyakl\u00e1ncok, sz\u00f3val bizsuk kis- \u00e9s nagyl\u00e1nyoknak<\/li>\r\n\t<li>hajcsat, hajgumi \u00e9s t\u00e1rsai<\/li>\r\n\t<li>kisaut\u00f3k<\/li>\r\n\t<li>az adott aktu\u00e1lis \u0151r\u00fclet: bakugan, pok\u00e9mon figur\u00e1k \u00e9s k\u00e1rty\u00e1k<\/li>\r\n\t<li>v\u00edzzel lemoshat\u00f3 k\u00f6r\u00f6mlakk<\/li>\r\n\t<li>kis nyomd\u00e1k<\/li>\r\n\t<li>id\u00e9n kell nekik egy-egy pol\u00e1rpl\u00e9d, nem akarom kar\u00e1csonyra, ez is az adventiban lesz<\/li>\r\n\t<li>matric\u00e1k, j\u00e1t\u00e9ktetov\u00e1l\u00e1sok<\/li>\r\n\t<li>kis gumilabd\u00e1k<\/li>\r\n\t<li>ugr\u00e1l\u00f3k\u00f6t\u00e9l, ugr\u00e1l\u00f3 gumi, vil\u00e1g\u00edt\u00f3s joj\u00f3, kis f\u00e1b\u00f3l k\u00e9sz\u00fclt fejt\u00f6r\u0151k<\/li>\r\n\t<li>a jelmezk\u00e9szlet\u00fckh\u00f6z kieg\u00e9sz\u00edt\u00e9s: kal\u00f3z l\u00e1tcs\u0151, t\u00fcnd\u00e9r var\u00e1zsp\u00e1lca \u00e9s t\u00e1rsai<\/li>\r\n\t<li>\u00f6lt\u00f6ztet\u0151s pap\u00edrbaba<\/li>\r\n\t<li>\u00e1llat alak\u00fa rad\u00edrok<a href=\"https:\/\/feszekalja.cafeblog.hu\/files\/2013\/11\/2012-11-30.jpg\"><img alt=\"2012-11-30\" src=\"https:\/\/feszekalja.cafeblog.hu\/files\/2013\/11\/2012-11-30-600x449.jpg\" width=\"600\" height=\"449\" \/><\/a><\/li>\r\n<\/ul>\r\nTipp:\u00a0Ha az aj\u00e1nd\u00e9k nem f\u00e9r bele a zsebbe, az sem gond, lehet hozz\u00e1 rajzolni kincskeres\u0151 t\u00e9rk\u00e9pet vagy egy kis rejtv\u00e9nyt, aminek a megfejt\u00e9se el\u00e1rulja, hol keress\u00e9k.\r\n\r\n<a href=\"https:\/\/feszekalja.cafeblog.hu\/files\/2013\/11\/375991_1985787343943_264230243_n.jpg\"><img class=\"aligncenter\" alt=\"375991_1985787343943_264230243_n\" src=\"https:\/\/feszekalja.cafeblog.hu\/files\/2013\/11\/375991_1985787343943_264230243_n-600x450.jpg\" width=\"600\" height=\"450\" \/><\/a><a href=\"https:\/\/feszekalja.cafeblog.hu\/files\/2013\/11\/2012-11-30.jpg\">\r\n<\/a><a href=\"https:\/\/feszekalja.cafeblog.hu\/files\/2013\/11\/karacsony-001.jpg\">\r\n<\/a>\r\n\r\nUtalv\u00e1nyok:\r\n<ul>\r\n\t<li>reggeli a t\u00e9v\u00e9 el\u0151tt (ugye mar maga a mesen\u00e9z\u00e9s sem mindennapos n\u00e1lunk, ez az egyik kedvenc\u00fck!)<\/li>\r\n\t<li>piknik a nappali padl\u00f3j\u00e1n<\/li>\r\n\t<li>te d\u00f6nt\u00f6d el, mi legyen a vacsora<\/li>\r\n\t<li>massz\u00e1zs-bonok<\/li>\r\n\t<li>szoba-rendbepakol\u00e1s bon (ebb\u0151l legal\u00e1bb h\u00e1rmat k\u00e9rnek, azt mondj\u00e1k :))<\/li>\r\n\t<li>pancake reggelire<\/li>\r\n\t<li>d\u00e9lut\u00e1ni kokt\u00e9l bon (sz\u00f6rp\u00f6kb\u0151l k\u00e9sz\u00edtek nekik kokt\u00e9lt anan\u00e1sszal, mindennel)<\/li>\r\n\t<li>korcsolya-bel\u00e9p\u0151<\/li>\r\n\t<li>mozibel\u00e9p\u0151<\/li>\r\n\t<li>uszodabel\u00e9p\u0151<\/li>\r\n\t<li>hossz\u00fa f\u00fcrd\u00e9s bon (3 \u00f3ra ut\u00e1n sem parancsolom ki \u0151ket, egyszer egy \u00e9vben belef\u00e9r)<\/li>\r\n\t<li>McDonalds bon (mert nem vagyunk az\u00e9rt elvakultak, egyszer egy \u00e9vben :))<\/li>\r\n\t<li>csal\u00e1di g\u00f6rkorcsolya-bon<\/li>\r\n\t<li style=\"text-align: left\">megs\u00fctj\u00fck a kedvenc s\u00fctid-bon<\/li>\r\n<\/ul>\r\n&nbsp;\r\n<p style=\"text-align: center\"><a href=\"https:\/\/feszekalja.cafeblog.hu\/files\/2013\/11\/73846_3467130256590_998380099_n.jpg\"><img alt=\"73846_3467130256590_998380099_n\" src=\"https:\/\/feszekalja.cafeblog.hu\/files\/2013\/11\/73846_3467130256590_998380099_n-600x450.jpg\" width=\"600\" height=\"450\" \/><\/a><\/p>\r\n&nbsp;\r\n\r\nEzeket vari\u00e1lva \u00e9s persze \u00e1tgondoltan elosztva (nyilv\u00e1n egy rohan\u00f3s h\u00e9tk\u00f6znapra nem fogok nekik s\u00fctis\u00fct\u0151s bont adni ;)) viszonylag olcs\u00f3n olyan napt\u00e1rt lehet csin\u00e1lni, amit v\u00e9gig \u00e9lveznek, r\u00e1ad\u00e1sul \u00e9n annyira szeretem, hogy ez egyf\u00e9le k\u00f6z\u00f6s r\u00e1k\u00e9sz\u00fcl\u0151d\u00e9s a kar\u00e1csonyra, hiszen az utalv\u00e1nyokon szerepl\u0151 dolgok nagy r\u00e9sz\u00e9t egy\u00fctt csin\u00e1ljuk, csal\u00e1dilag.\r\n\r\nNektek milyen \u00f6tleteitek, tippjeitek vannak?\r\n<p style=\"text-align: center\"><a href=\"https:\/\/feszekalja.cafeblog.hu\/files\/2013\/11\/2012-11-271.jpg\"><img alt=\"2012-11-271\" src=\"https:\/\/feszekalja.cafeblog.hu\/files\/2013\/11\/2012-11-271-600x449.jpg\" width=\"600\" height=\"449\" \/><\/a><\/p>\r\n&nbsp;\r\n\r\n&nbsp;\r\n\r\n&nbsp;\r\n\r\n&nbsp;\r\n\r\n&nbsp;\r\n\r\n&nbsp;","type":"rich","thumbnail_url":"https:\/\/feszekalja.cafeblog.hu\/files\/2013\/11\/karacsony-150x150.jpg","thumbnail_width":150,"thumbnail_height":150}