{"version":"1.0","provider_name":"F\u00e9szekalja: Nagy dolgokr\u00f3l kiCSIBEn","provider_url":"https:\/\/feszekalja.cafeblog.hu","author_name":"Csibe a f\u00e9szekb\u00f4l","author_url":"https:\/\/feszekalja.cafeblog.hu\/author\/csibe_a_feszekbo\/","title":"Heti men\u00fc: janu\u00e1r 3. h\u00e9t","html":"A heti men\u00fc egy kicsit kimaradt, a pr\u00f3zai ok az, hogy t\u00f6r\u00f6tt l\u00e1bbal nem tudtam f\u0151zni. Emiatt a men\u00fct nagyon sp\u00e1rtaian \u00e1ll\u00edtottam \u00f6ssze \u00e9s sokkal nagyobb s\u00fallyal esett latba, hogy egyszer\u0171 \u00e9s gyorsan k\u00e9sz\u00edthet\u0151 legyen, mint az, hogy eg\u00e9szs\u00e9ges. \u00a0\u00cdgy az ezzel megb\u00edzott f\u00e9rfiemberek is el tudtak k\u00e9sz\u00edteni an\u00e9lk\u00fcl, hogy \u00fagy \u00e9rezt\u00e9k volna, nyolcfogasos vacsor\u00e1t kell f\u0151zni\u00fck minden nap.\r\n\u00dajdons\u00e1g m\u00e9g, hogy vas\u00e1rnap fogom feltenni a men\u00fcket, h\u00e9tf\u0151vel kezd\u0151d\u0151en, \u00edgy val\u00f3ban logikusabb.\r\n\r\nNa n\u00e9zz\u00fck, mit esz\u00fcnk a h\u00e9ten?\r\n\r\n&nbsp;\r\n<p style=\"text-align: center\"><a href=\"https:\/\/feszekalja.cafeblog.hu\/files\/2014\/01\/la-galette-des-rois_1388660686.jpg\">\r\n<\/a> <a href=\"https:\/\/feszekalja.cafeblog.hu\/files\/2014\/01\/salade_haricots_lardons_oeuf_mollet2.jpg\"><img class=\"aligncenter size-medium wp-image-1619\" alt=\"salade_haricots_lardons_oeuf_mollet2\" src=\"https:\/\/feszekalja.cafeblog.hu\/files\/2014\/01\/salade_haricots_lardons_oeuf_mollet2-300x225.jpg\" width=\"300\" height=\"225\" \/><\/a><\/p>\r\n<strong>H\u00e9tf\u0151<\/strong>\r\n\r\neb\u00e9d: r\u00e9pap\u00fcr\u00e9, r\u00e1ntott halrudak\r\n\r\nvacsora: Jamie Oliver-f\u00e9le z\u00f6ldbabsal\u00e1ta t\u00fck\u00f6rtoj\u00e1ssal\r\n\r\n&nbsp;\r\n<p style=\"text-align: center\"><a href=\"https:\/\/feszekalja.cafeblog.hu\/files\/2014\/01\/burger.jpg\"><img alt=\"burger\" src=\"https:\/\/feszekalja.cafeblog.hu\/files\/2014\/01\/burger-300x200.jpg\" width=\"300\" height=\"200\" \/><\/a><\/p>\r\n<strong>Kedd<a href=\"https:\/\/feszekalja.cafeblog.hu\/files\/2013\/09\/100_9099.jpg\">\r\n<\/a><\/strong>\r\n\r\neb\u00e9d: spagettit\u00f6kb\u0151l k\u00e9sz\u00fclt \"spagetti\", carbonara-m\u00e1rt\u00e1ssal\r\n\r\nvacsora: h\u00e1zi k\u00e9sz\u00edt\u00e9s\u0171 hamburger\r\n\r\n&nbsp;\r\n<p style=\"text-align: center\"><a href=\"https:\/\/feszekalja.cafeblog.hu\/files\/2014\/01\/hamis-t\u00far\u00f3gomb\u00f3c-2.jpg\"><img alt=\"hamis-t\u00far\u00f3gomb\u00f3c-2\" src=\"https:\/\/feszekalja.cafeblog.hu\/files\/2014\/01\/hamis-t\u00far\u00f3gomb\u00f3c-2-300x205.jpg\" width=\"300\" height=\"205\" \/><\/a><\/p>\r\n&nbsp;\r\n\r\n<strong>Szerda<\/strong>\r\n\r\neb\u00e9d: t\u00far\u00f3gomb\u00f3c\r\n\r\nvacsora: z\u00f6ldsal\u00e1ta csirkez\u00faz\u00e1val \u00e9s alm\u00e1val\r\n\r\n&nbsp;\r\n<p style=\"text-align: center\"><strong><a href=\"https:\/\/feszekalja.cafeblog.hu\/files\/2013\/09\/100_9099.jpg\"><img alt=\"100_9099\" src=\"https:\/\/feszekalja.cafeblog.hu\/files\/2013\/09\/100_9099-300x224.jpg\" width=\"300\" height=\"224\" \/><\/a><\/strong><\/p>\r\n<strong>Cs\u00fct\u00f6rt\u00f6k<\/strong>\r\n\r\neb\u00e9d: s\u00fct\u0151t\u00f6k-kr\u00e9mleves (recept itt:\u00a0<a href=\"https:\/\/feszekalja.cafeblog.hu\/2013\/09\/30\/sutotok-kremleves-ahogy-mi-szeretjuk\/\">https:\/\/feszekalja.cafeblog.hu\/2013\/09\/30\/sutotok-kremleves-ahogy-mi-szeretjuk\/<\/a>)\r\n\r\nvacsora: p\u00f3r\u00e9hagym\u00e1s quiche (recept itt:\u00a0<a href=\"https:\/\/feszekalja.cafeblog.hu\/2013\/09\/22\/quiche-lorraine-egy-francia-alapkaja\/\">https:\/\/feszekalja.cafeblog.hu\/2013\/09\/22\/quiche-lorraine-egy-francia-alapkaja\/<\/a>)\r\n\r\n&nbsp;\r\n<p style=\"text-align: center\"><a href=\"https:\/\/feszekalja.cafeblog.hu\/files\/2014\/01\/Salade_Endives_aux_noix_t.jpg\"><img alt=\"Salade_Endives_aux_noix_t\" src=\"https:\/\/feszekalja.cafeblog.hu\/files\/2014\/01\/Salade_Endives_aux_noix_t-300x236.jpg\" width=\"300\" height=\"236\" \/><\/a><\/p>\r\n<strong>P\u00e9ntek<\/strong>\r\n\r\neb\u00e9d: a s\u00fct\u0151t\u00f6k-kr\u00e9mleves marad\u00e9ka\r\n\r\nvacsora: end\u00edviasal\u00e1ta di\u00f3val\r\n\r\n&nbsp;\r\n<p style=\"text-align: center\"><a href=\"https:\/\/feszekalja.cafeblog.hu\/files\/2014\/01\/56407-1.jpg\"><img alt=\"56407-1\" src=\"https:\/\/feszekalja.cafeblog.hu\/files\/2014\/01\/56407-1-300x225.jpg\" width=\"300\" height=\"225\" \/><\/a><\/p>\r\n<strong>Szombat<\/strong>\r\n\r\neb\u00e9d: \u00a0k\u00f3kusztejes-fokhagym\u00e1s csirkemell rizzsel\r\n\r\nvacsora: quenelles\r\n\r\n&nbsp;\r\n<p style=\"text-align: center\"><a href=\"https:\/\/feszekalja.cafeblog.hu\/files\/2014\/01\/Pupusas.jpg\"><img alt=\"Pupusas\" src=\"https:\/\/feszekalja.cafeblog.hu\/files\/2014\/01\/Pupusas-300x225.jpg\" width=\"300\" height=\"225\" \/><\/a><\/p>\r\n<strong>Vas\u00e1rnap<\/strong>\r\n\r\neb\u00e9d: Jamie Oliver-f\u00e9le citromos-rozmaringos s\u00fclt csirke\r\n\r\nvacsora: pupusa\r\n\r\n&nbsp;\r\n\r\n&nbsp;\r\n<p style=\"text-align: center\"><a href=\"https:\/\/feszekalja.cafeblog.hu\/files\/2014\/01\/la-galette-des-rois_1388660686.jpg\"><img alt=\"la-galette-des-rois_1388660686\" src=\"https:\/\/feszekalja.cafeblog.hu\/files\/2014\/01\/la-galette-des-rois_1388660686-300x199.jpg\" width=\"300\" height=\"199\" \/><\/a><\/p>\r\n<strong>Desszert\u00f6tletek<\/strong>:\r\n\r\nGalette des rois (a receptet hozom a h\u00e9ten)\r\n\r\nAlm\u00e1s r\u00e1csos s\u00fcti\r\n\r\nCsokisz\u00f3sszal le\u00f6nt\u00f6tt f\u0151tt k\u00f6rte\r\n\r\nH\u00e1zi fonott kal\u00e1cs\r\n\r\n&nbsp;\r\n\r\n<strong>J\u00f3 \u00e9tv\u00e1gyat!<\/strong>\r\n\r\n&nbsp;\r\n\r\n&nbsp;\r\n\r\n&nbsp;\r\n\r\n&nbsp;\r\n\r\n&nbsp;\r\n\r\n&nbsp;\r\n\r\n&nbsp;","type":"rich"}