{"version":"1.0","provider_name":"F\u00e9szekalja: Nagy dolgokr\u00f3l kiCSIBEn","provider_url":"https:\/\/feszekalja.cafeblog.hu","author_name":"Csibe a f\u00e9szekb\u00f4l","author_url":"https:\/\/feszekalja.cafeblog.hu\/author\/csibe_a_feszekbo\/","title":"Heti men\u00fc: janu\u00e1r 4. h\u00e9t","html":"Van bio krumplink, csom\u00f3 end\u00edvia, kiwi a bar\u00e1tn\u0151m sz\u00fcleinek a kertj\u00e9b\u0151l (a Loire v\u00f6lgye, teljesen elk\u00e9pedtem, nem is gondoltam volna, hogy ott is megterem a kiwi), r\u00e9pa \u00e9s p\u00f3r\u00e9hagyma. \u00a0Meg szerd\u00e1n kapunk pasztern\u00e1kot (mindig bajban vagyok vele, nincs t\u00fal sok \u00f6teletem hozza, \u00fagyhogy sz\u00edvesen veszem, ha valakinek van kipr\u00f3b\u00e1lt \u00e9s finom receptje), di\u00f3t \u00e9s f\u0151tt c\u00e9kl\u00e1t meg friss z\u00f6ldsal\u00e1t\u00e1t. \u00a0N\u00e9zz\u00fck, mit f\u0151z\u00f6k ezekb\u0151l:\r\n\r\n<a href=\"https:\/\/feszekalja.cafeblog.hu\/files\/2014\/01\/la-galette-des-rois_1388660686.jpg\">\r\n<\/a><a href=\"https:\/\/feszekalja.cafeblog.hu\/files\/2014\/01\/Pommes-de-terre-au-four-aux-\u00e9chalotes-confites.jpg\"><img class=\"aligncenter size-medium wp-image-1671\" alt=\"Pommes-de-terre-au-four-aux-\u00e9chalotes-confites\" src=\"https:\/\/feszekalja.cafeblog.hu\/files\/2014\/01\/Pommes-de-terre-au-four-aux-\u00e9chalotes-confites-300x300.jpg\" width=\"300\" height=\"300\" \/><\/a>\r\n\r\n<strong>H\u00e9tf\u0151<\/strong>\r\n\r\neb\u00e9d: IKEA-s z\u00f6lds\u00e9gkorongok, fokhagym\u00e1s csirkemell\r\n\r\nvacsora: h\u00e9j\u00e1ban s\u00fclt t\u00f6lt\u00f6tt krumpli\r\n\r\n&nbsp;\r\n\r\n<a href=\"https:\/\/feszekalja.cafeblog.hu\/files\/2014\/01\/boudin_noir_french_sausage.jpg\"><img class=\"aligncenter size-medium wp-image-1667\" alt=\"boudin_noir_french_sausage\" src=\"https:\/\/feszekalja.cafeblog.hu\/files\/2014\/01\/boudin_noir_french_sausage-300x224.jpg\" width=\"300\" height=\"224\" \/><\/a>\r\n\r\n<strong>Kedd<a href=\"https:\/\/feszekalja.cafeblog.hu\/files\/2013\/09\/100_9099.jpg\">\r\n<\/a><\/strong>\r\n\r\neb\u00e9d: v\u00e9res hurka krumplip\u00fcr\u00e9vel\r\n\r\nvacsora: f\u00fcst\u00f6ltszalonn\u00e1s-gomb\u00e1s polenta\r\n\r\n&nbsp;\r\n<p style=\"text-align: center\"><a href=\"https:\/\/feszekalja.cafeblog.hu\/files\/2014\/01\/521daa8dc1215.jpeg\"><img alt=\"potato and smoked salmon salad\" src=\"https:\/\/feszekalja.cafeblog.hu\/files\/2014\/01\/521daa8dc1215-300x186.jpeg\" width=\"300\" height=\"186\" \/><\/a><\/p>\r\n&nbsp;\r\n\r\n<strong>Szerda<\/strong>\r\n\r\neb\u00e9d: csirkecombok z\u00f6ldbabbal\r\n\r\nvacsora: z\u00f6ldsal\u00e1ta lazaccal \u00e9s alm\u00e1val, friss h\u00e1zi keny\u00e9rrel\r\n\r\n&nbsp;\r\n\r\n<a href=\"https:\/\/feszekalja.cafeblog.hu\/files\/2014\/01\/croquesmonsieur.jpg\"><img class=\"aligncenter size-medium wp-image-1674\" alt=\"croquesmonsieur\" src=\"https:\/\/feszekalja.cafeblog.hu\/files\/2014\/01\/croquesmonsieur-300x196.jpg\" width=\"300\" height=\"196\" \/><\/a>\r\n<a href=\"https:\/\/feszekalja.cafeblog.hu\/files\/2014\/01\/521daa8dc1215.jpeg\">\r\n<\/a>\r\n\r\n<strong>Cs\u00fct\u00f6rt\u00f6k<\/strong>\r\n\r\neb\u00e9d: end\u00edvi\u00e1s-currys pulykamell\r\n\r\nvacsora: sonk\u00e1s melegszendvics, z\u00f6ldsal\u00e1ta\r\n\r\n&nbsp;\r\n\r\n<a href=\"https:\/\/feszekalja.cafeblog.hu\/files\/2014\/01\/verrine_de_kiwi_52.jpg\"><a href=\"https:\/\/feszekalja.cafeblog.hu\/files\/2014\/01\/soupe-tomates-vermicelles.jpg\"><img class=\"aligncenter size-medium wp-image-1672\" alt=\"soupe-tomates-vermicelles\" src=\"https:\/\/feszekalja.cafeblog.hu\/files\/2014\/01\/soupe-tomates-vermicelles-300x273.jpg\" width=\"300\" height=\"273\" \/><\/a><\/a>\r\n\r\n<strong>P\u00e9ntek<\/strong>\r\n\r\neb\u00e9d: paradicsomleves bet\u0171t\u00e9szt\u00e1val\r\n\r\nvacsora: pestos t\u00e9szta\r\n\r\n&nbsp;\r\n\r\n<a href=\"https:\/\/feszekalja.cafeblog.hu\/files\/2014\/01\/page-35.jpg\"><img class=\"aligncenter size-medium wp-image-1670\" alt=\"page-35\" src=\"https:\/\/feszekalja.cafeblog.hu\/files\/2014\/01\/page-35-300x224.jpg\" width=\"300\" height=\"224\" \/><\/a>\r\n\r\n<strong>Szombat<\/strong>\r\n\r\neb\u00e9d: \u00a0bourgogne-i (r\u00e9p\u00e1s) marharagu, s\u00fclt krumpli\r\n\r\nvacsora: di\u00f3s-narancsos c\u00e9klasal\u00e1ta\r\n\r\n&nbsp;\r\n\r\n&nbsp;\r\n\r\n<strong><a href=\"https:\/\/feszekalja.cafeblog.hu\/files\/2014\/01\/IMG_0836_001.jpg\"><img class=\"aligncenter size-medium wp-image-1669\" alt=\"IMG_0836_001\" src=\"https:\/\/feszekalja.cafeblog.hu\/files\/2014\/01\/IMG_0836_001-300x200.jpg\" width=\"300\" height=\"200\" \/><\/a>Vas\u00e1rnap<\/strong>\r\n\r\neb\u00e9d: b\u00e1r\u00e1ny-tajine aszalt szilv\u00e1val \u00e9s aszalt s\u00e1rgabarackkal, kuszkusz\r\n\r\nvacsora: krumpli-pasztern\u00e1k p\u00fcr\u00e9, t\u00fck\u00f6rtoj\u00e1s\r\n\r\n&nbsp;\r\n\r\n&nbsp;\r\n\r\n<a href=\"https:\/\/feszekalja.cafeblog.hu\/files\/2014\/01\/verrine_de_kiwi_52.jpg\"><img class=\"aligncenter\" alt=\"verrine_de_kiwi_52\" src=\"https:\/\/feszekalja.cafeblog.hu\/files\/2014\/01\/verrine_de_kiwi_52-225x300.jpg\" width=\"225\" height=\"300\" \/><\/a>\r\n\r\n<strong>Desszert\u00f6tletek<\/strong>:\r\n\r\nKiwis poharas desszert\r\n\r\nGy\u00fcm\u00f6lcssal\u00e1ta\r\n\r\nTejbegr\u00edz\r\n\r\nVan\u00edli\u00e1s bri\u00f3s\r\n\r\n&nbsp;\r\n\r\n<strong>J\u00f3 \u00e9tv\u00e1gyat!<\/strong>\r\n\r\n&nbsp;\r\n\r\n&nbsp;\r\n\r\n&nbsp;\r\n\r\n&nbsp;\r\n\r\n&nbsp;\r\n\r\n&nbsp;\r\n\r\n&nbsp;","type":"rich","thumbnail_url":"https:\/\/feszekalja.cafeblog.hu\/files\/2014\/01\/Pommes-de-terre-au-four-aux-\u00e9chalotes-confites-150x150.jpg","thumbnail_width":150,"thumbnail_height":150}